{"id":1307,"date":"2021-04-20T15:40:58","date_gmt":"2021-04-20T15:40:58","guid":{"rendered":"https:\/\/jpevlogistics.com\/?page_id=1307"},"modified":"2025-07-15T18:10:14","modified_gmt":"2025-07-15T18:10:14","slug":"novedades","status":"publish","type":"page","link":"https:\/\/jpevlogistics.com\/en\/novedades\/","title":{"rendered":"Novedades"},"content":{"rendered":"<div data-elementor-type=\"wp-page\" data-elementor-id=\"1307\" class=\"elementor elementor-1307\" data-elementor-post-type=\"page\">\n\t\t\t\t\t\t<section class=\"elementor-section elementor-top-section elementor-element elementor-element-75beab89 elementor-section-stretched elementor-section-full_width elementor-section-height-min-height elementor-section-height-default elementor-section-items-middle\" data-id=\"75beab89\" data-element_type=\"section\" data-e-type=\"section\" data-settings=\"{&quot;stretch_section&quot;:&quot;section-stretched&quot;,&quot;background_background&quot;:&quot;classic&quot;}\">\n\t\t\t\t\t\t\t<div class=\"elementor-background-overlay\"><\/div>\n\t\t\t\t\t\t\t<div class=\"elementor-container elementor-column-gap-no\">\n\t\t\t\t\t<div class=\"elementor-column elementor-col-100 elementor-top-column elementor-element elementor-element-9d5e9d7\" data-id=\"9d5e9d7\" data-element_type=\"column\" data-e-type=\"column\">\n\t\t\t<div class=\"elementor-widget-wrap elementor-element-populated\">\n\t\t\t\t\t\t<div class=\"elementor-element elementor-element-5d0bcb88 elementor-widget elementor-widget-heading\" data-id=\"5d0bcb88\" data-element_type=\"widget\" data-e-type=\"widget\" data-widget_type=\"heading.default\">\n\t\t\t\t<div class=\"elementor-widget-container\">\n\t\t\t\t\t<h1 class=\"elementor-heading-title elementor-size-default\">NEWS<\/h1>\t\t\t\t<\/div>\n\t\t\t\t<\/div>\n\t\t\t\t\t<\/div>\n\t\t<\/div>\n\t\t\t\t\t<\/div>\n\t\t<\/section>\n\t\t\t\t<section class=\"elementor-section elementor-top-section elementor-element elementor-element-334e593 elementor-section-full_width elementor-section-stretched elementor-section-height-default elementor-section-height-default\" data-id=\"334e593\" data-element_type=\"section\" data-e-type=\"section\" data-settings=\"{&quot;stretch_section&quot;:&quot;section-stretched&quot;}\">\n\t\t\t\t\t\t<div class=\"elementor-container elementor-column-gap-default\">\n\t\t\t\t\t<div class=\"elementor-column elementor-col-100 elementor-top-column elementor-element elementor-element-3d80583\" data-id=\"3d80583\" data-element_type=\"column\" data-e-type=\"column\">\n\t\t\t<div class=\"elementor-widget-wrap elementor-element-populated\">\n\t\t\t\t\t\t<div class=\"elementor-element elementor-element-cb26f98 elementor-grid-4 elementor-grid-tablet-2 elementor-grid-mobile-1 elementor-posts--thumbnail-top elementor-posts__hover-gradient elementor-widget elementor-widget-posts\" data-id=\"cb26f98\" data-element_type=\"widget\" data-e-type=\"widget\" data-settings=\"{&quot;pagination_type&quot;:&quot;numbers&quot;,&quot;cards_columns&quot;:&quot;4&quot;,&quot;cards_masonry&quot;:&quot;yes&quot;,&quot;cards_columns_tablet&quot;:&quot;2&quot;,&quot;cards_columns_mobile&quot;:&quot;1&quot;,&quot;cards_row_gap&quot;:{&quot;unit&quot;:&quot;px&quot;,&quot;size&quot;:35,&quot;sizes&quot;:[]},&quot;cards_row_gap_tablet&quot;:{&quot;unit&quot;:&quot;px&quot;,&quot;size&quot;:&quot;&quot;,&quot;sizes&quot;:[]},&quot;cards_row_gap_mobile&quot;:{&quot;unit&quot;:&quot;px&quot;,&quot;size&quot;:&quot;&quot;,&quot;sizes&quot;:[]}}\" data-widget_type=\"posts.cards\">\n\t\t\t\t<div class=\"elementor-widget-container\">\n\t\t\t\t\t\t\t<div class=\"elementor-posts-container elementor-posts elementor-posts--skin-cards elementor-grid\" role=\"list\">\n\t\t\t\t<article class=\"elementor-post elementor-grid-item post-10162 post type-post status-publish format-standard has-post-thumbnail hentry category-sin-categoria\" role=\"listitem\">\n\t\t\t<div class=\"elementor-post__card\">\n\t\t\t\t<a class=\"elementor-post__thumbnail__link\" href=\"https:\/\/jpevlogistics.com\/en\/nuevos-ataques-a-buques-en-el-estrecho-ormuz-devuelven-al-transporte-maritimo-al-punto-de-partida-de-la-crisis\/\" tabindex=\"-1\" ><div class=\"elementor-post__thumbnail\"><img fetchpriority=\"high\" decoding=\"async\" width=\"798\" height=\"599\" src=\"https:\/\/jpevlogistics.com\/wp-content\/uploads\/2026\/04\/nuevo-ataque-ormuz.jpeg\" class=\"attachment-full size-full wp-image-10163\" alt=\"\" srcset=\"https:\/\/jpevlogistics.com\/wp-content\/uploads\/2026\/04\/nuevo-ataque-ormuz.jpeg 798w, https:\/\/jpevlogistics.com\/wp-content\/uploads\/2026\/04\/nuevo-ataque-ormuz-300x225.jpeg 300w, https:\/\/jpevlogistics.com\/wp-content\/uploads\/2026\/04\/nuevo-ataque-ormuz-768x576.jpeg 768w, https:\/\/jpevlogistics.com\/wp-content\/uploads\/2026\/04\/nuevo-ataque-ormuz-16x12.jpeg 16w\" sizes=\"(max-width: 798px) 100vw, 798px\" \/><\/div><\/a>\n\t\t\t\t<div class=\"elementor-post__text\">\n\t\t\t\t<h3 class=\"elementor-post__title\">\n\t\t\t<a href=\"https:\/\/jpevlogistics.com\/en\/nuevos-ataques-a-buques-en-el-estrecho-ormuz-devuelven-al-transporte-maritimo-al-punto-de-partida-de-la-crisis\/\" >\n\t\t\t\tNuevos ataques a buques en el Estrecho Ormuz devuelven al transporte mar\u00edtimo al punto de partida de la crisis\t\t\t<\/a>\n\t\t<\/h3>\n\t\t\t\t<\/div>\n\t\t\t\t<div class=\"elementor-post__meta-data\">\n\t\t\t\t\t<span class=\"elementor-post-date\">\n\t\t\t23 April 2026\t\t<\/span>\n\t\t\t\t<\/div>\n\t\t\t\t\t<\/div>\n\t\t<\/article>\n\t\t\t\t<article class=\"elementor-post elementor-grid-item post-9908 post type-post status-publish format-standard has-post-thumbnail hentry category-sin-categoria\" role=\"listitem\">\n\t\t\t<div class=\"elementor-post__card\">\n\t\t\t\t<a class=\"elementor-post__thumbnail__link\" href=\"https:\/\/jpevlogistics.com\/en\/mayores-alzas-de-tarifas-en-el-transporte-portacontenedor-se-registran-en-rutas-ajenas-al-medio-oriente\/\" tabindex=\"-1\" ><div class=\"elementor-post__thumbnail\"><img decoding=\"async\" width=\"798\" height=\"598\" src=\"https:\/\/jpevlogistics.com\/wp-content\/uploads\/2026\/04\/mayores-alza-de-fletes-.jpeg\" class=\"attachment-full size-full wp-image-9909\" alt=\"\" srcset=\"https:\/\/jpevlogistics.com\/wp-content\/uploads\/2026\/04\/mayores-alza-de-fletes-.jpeg 798w, https:\/\/jpevlogistics.com\/wp-content\/uploads\/2026\/04\/mayores-alza-de-fletes--300x225.jpeg 300w, https:\/\/jpevlogistics.com\/wp-content\/uploads\/2026\/04\/mayores-alza-de-fletes--768x576.jpeg 768w, https:\/\/jpevlogistics.com\/wp-content\/uploads\/2026\/04\/mayores-alza-de-fletes--16x12.jpeg 16w\" sizes=\"(max-width: 798px) 100vw, 798px\" \/><\/div><\/a>\n\t\t\t\t<div class=\"elementor-post__text\">\n\t\t\t\t<h3 class=\"elementor-post__title\">\n\t\t\t<a href=\"https:\/\/jpevlogistics.com\/en\/mayores-alzas-de-tarifas-en-el-transporte-portacontenedor-se-registran-en-rutas-ajenas-al-medio-oriente\/\" >\n\t\t\t\tMayores alzas de tarifas en el transporte portacontenedor se registran en rutas ajenas al Medio Oriente\t\t\t<\/a>\n\t\t<\/h3>\n\t\t\t\t<\/div>\n\t\t\t\t<div class=\"elementor-post__meta-data\">\n\t\t\t\t\t<span class=\"elementor-post-date\">\n\t\t\t13 April 2026\t\t<\/span>\n\t\t\t\t<\/div>\n\t\t\t\t\t<\/div>\n\t\t<\/article>\n\t\t\t\t<article class=\"elementor-post elementor-grid-item post-9904 post type-post status-publish format-standard has-post-thumbnail hentry category-sin-categoria\" role=\"listitem\">\n\t\t\t<div class=\"elementor-post__card\">\n\t\t\t\t<a class=\"elementor-post__thumbnail__link\" href=\"https:\/\/jpevlogistics.com\/en\/impacto-de-la-crisis-en-el-golfo-persico-podria-extenderse-rapidamente-a-las-cadenas-de-suministro-globales\/\" tabindex=\"-1\" ><div class=\"elementor-post__thumbnail\"><img decoding=\"async\" width=\"798\" height=\"598\" src=\"https:\/\/jpevlogistics.com\/wp-content\/uploads\/2026\/04\/Golfo-tarifas-.jpeg\" class=\"attachment-full size-full wp-image-9905\" alt=\"\" srcset=\"https:\/\/jpevlogistics.com\/wp-content\/uploads\/2026\/04\/Golfo-tarifas-.jpeg 798w, https:\/\/jpevlogistics.com\/wp-content\/uploads\/2026\/04\/Golfo-tarifas--300x225.jpeg 300w, https:\/\/jpevlogistics.com\/wp-content\/uploads\/2026\/04\/Golfo-tarifas--768x576.jpeg 768w, https:\/\/jpevlogistics.com\/wp-content\/uploads\/2026\/04\/Golfo-tarifas--16x12.jpeg 16w\" sizes=\"(max-width: 798px) 100vw, 798px\" \/><\/div><\/a>\n\t\t\t\t<div class=\"elementor-post__text\">\n\t\t\t\t<h3 class=\"elementor-post__title\">\n\t\t\t<a href=\"https:\/\/jpevlogistics.com\/en\/impacto-de-la-crisis-en-el-golfo-persico-podria-extenderse-rapidamente-a-las-cadenas-de-suministro-globales\/\" >\n\t\t\t\tImpacto de la crisis en el Golfo P\u00e9rsico podr\u00eda extenderse r\u00e1pidamente a las cadenas de suministro globales\t\t\t<\/a>\n\t\t<\/h3>\n\t\t\t\t<\/div>\n\t\t\t\t<div class=\"elementor-post__meta-data\">\n\t\t\t\t\t<span class=\"elementor-post-date\">\n\t\t\t6 April 2026\t\t<\/span>\n\t\t\t\t<\/div>\n\t\t\t\t\t<\/div>\n\t\t<\/article>\n\t\t\t\t<article class=\"elementor-post elementor-grid-item post-9900 post type-post status-publish format-standard has-post-thumbnail hentry category-sin-categoria\" role=\"listitem\">\n\t\t\t<div class=\"elementor-post__card\">\n\t\t\t\t<a class=\"elementor-post__thumbnail__link\" href=\"https:\/\/jpevlogistics.com\/en\/guerra-en-medio-oriente-aun-no-desata-alza-de-las-tarifas-spot-del-sector-portacontenedor-a-nivel-globalincluso\/\" tabindex=\"-1\" ><div class=\"elementor-post__thumbnail\"><img loading=\"lazy\" decoding=\"async\" width=\"798\" height=\"598\" src=\"https:\/\/jpevlogistics.com\/wp-content\/uploads\/2026\/03\/Ornuz.jpg\" class=\"attachment-full size-full wp-image-9901\" alt=\"\" srcset=\"https:\/\/jpevlogistics.com\/wp-content\/uploads\/2026\/03\/Ornuz.jpg 798w, https:\/\/jpevlogistics.com\/wp-content\/uploads\/2026\/03\/Ornuz-300x225.jpg 300w, https:\/\/jpevlogistics.com\/wp-content\/uploads\/2026\/03\/Ornuz-768x576.jpg 768w, https:\/\/jpevlogistics.com\/wp-content\/uploads\/2026\/03\/Ornuz-16x12.jpg 16w\" sizes=\"(max-width: 798px) 100vw, 798px\" \/><\/div><\/a>\n\t\t\t\t<div class=\"elementor-post__text\">\n\t\t\t\t<h3 class=\"elementor-post__title\">\n\t\t\t<a href=\"https:\/\/jpevlogistics.com\/en\/guerra-en-medio-oriente-aun-no-desata-alza-de-las-tarifas-spot-del-sector-portacontenedor-a-nivel-globalincluso\/\" >\n\t\t\t\tGuerra en Medio Oriente a\u00fan no desata alza de las tarifas spot del sector portacontenedor a nivel globalIncluso.\t\t\t<\/a>\n\t\t<\/h3>\n\t\t\t\t<\/div>\n\t\t\t\t<div class=\"elementor-post__meta-data\">\n\t\t\t\t\t<span class=\"elementor-post-date\">\n\t\t\t31 March 2026\t\t<\/span>\n\t\t\t\t<\/div>\n\t\t\t\t\t<\/div>\n\t\t<\/article>\n\t\t\t\t<article class=\"elementor-post elementor-grid-item post-9891 post type-post status-publish format-standard has-post-thumbnail hentry category-sin-categoria\" role=\"listitem\">\n\t\t\t<div class=\"elementor-post__card\">\n\t\t\t\t<a class=\"elementor-post__thumbnail__link\" href=\"https:\/\/jpevlogistics.com\/en\/que-pasaria-si-se-cierra-el-estrecho-de-ormuz-impacto-real-en-la-economia-y-la-logistica-global\/\" tabindex=\"-1\" ><div class=\"elementor-post__thumbnail\"><img loading=\"lazy\" decoding=\"async\" width=\"1024\" height=\"576\" src=\"https:\/\/jpevlogistics.com\/wp-content\/uploads\/2026\/03\/Ormuz.jpg\" class=\"attachment-full size-full wp-image-9894\" alt=\"\" srcset=\"https:\/\/jpevlogistics.com\/wp-content\/uploads\/2026\/03\/Ormuz.jpg 1024w, https:\/\/jpevlogistics.com\/wp-content\/uploads\/2026\/03\/Ormuz-300x169.jpg 300w, https:\/\/jpevlogistics.com\/wp-content\/uploads\/2026\/03\/Ormuz-768x432.jpg 768w, https:\/\/jpevlogistics.com\/wp-content\/uploads\/2026\/03\/Ormuz-18x10.jpg 18w\" sizes=\"(max-width: 1024px) 100vw, 1024px\" \/><\/div><\/a>\n\t\t\t\t<div class=\"elementor-post__text\">\n\t\t\t\t<h3 class=\"elementor-post__title\">\n\t\t\t<a href=\"https:\/\/jpevlogistics.com\/en\/que-pasaria-si-se-cierra-el-estrecho-de-ormuz-impacto-real-en-la-economia-y-la-logistica-global\/\" >\n\t\t\t\t\u00bfQu\u00e9 pasar\u00eda si se cierra el Estrecho de Ormuz? Impacto real en la econom\u00eda y la log\u00edstica global\t\t\t<\/a>\n\t\t<\/h3>\n\t\t\t\t<\/div>\n\t\t\t\t<div class=\"elementor-post__meta-data\">\n\t\t\t\t\t<span class=\"elementor-post-date\">\n\t\t\t31 March 2026\t\t<\/span>\n\t\t\t\t<\/div>\n\t\t\t\t\t<\/div>\n\t\t<\/article>\n\t\t\t\t<article class=\"elementor-post elementor-grid-item post-9721 post type-post status-publish format-standard has-post-thumbnail hentry category-sin-categoria\" role=\"listitem\">\n\t\t\t<div class=\"elementor-post__card\">\n\t\t\t\t<a class=\"elementor-post__thumbnail__link\" href=\"https:\/\/jpevlogistics.com\/en\/alza-del-diesel-en-chile-tensionara-fuertemente-a-la-cadena-logistica-y-la-competitividad-del-comercio-exterior\/\" tabindex=\"-1\" ><div class=\"elementor-post__thumbnail\"><img loading=\"lazy\" decoding=\"async\" width=\"798\" height=\"598\" src=\"https:\/\/jpevlogistics.com\/wp-content\/uploads\/2026\/03\/camion-chile-.jpeg\" class=\"attachment-full size-full wp-image-9725\" alt=\"\" srcset=\"https:\/\/jpevlogistics.com\/wp-content\/uploads\/2026\/03\/camion-chile-.jpeg 798w, https:\/\/jpevlogistics.com\/wp-content\/uploads\/2026\/03\/camion-chile--300x225.jpeg 300w, https:\/\/jpevlogistics.com\/wp-content\/uploads\/2026\/03\/camion-chile--768x576.jpeg 768w, https:\/\/jpevlogistics.com\/wp-content\/uploads\/2026\/03\/camion-chile--16x12.jpeg 16w\" sizes=\"(max-width: 798px) 100vw, 798px\" \/><\/div><\/a>\n\t\t\t\t<div class=\"elementor-post__text\">\n\t\t\t\t<h3 class=\"elementor-post__title\">\n\t\t\t<a href=\"https:\/\/jpevlogistics.com\/en\/alza-del-diesel-en-chile-tensionara-fuertemente-a-la-cadena-logistica-y-la-competitividad-del-comercio-exterior\/\" >\n\t\t\t\tAlza del di\u00e9sel en Chile tensionar\u00e1 fuertemente a la cadena log\u00edstica y la competitividad del comercio exterior\t\t\t<\/a>\n\t\t<\/h3>\n\t\t\t\t<\/div>\n\t\t\t\t<div class=\"elementor-post__meta-data\">\n\t\t\t\t\t<span class=\"elementor-post-date\">\n\t\t\t27 March 2026\t\t<\/span>\n\t\t\t\t<\/div>\n\t\t\t\t\t<\/div>\n\t\t<\/article>\n\t\t\t\t<article class=\"elementor-post elementor-grid-item post-9718 post type-post status-publish format-standard has-post-thumbnail hentry category-sin-categoria\" role=\"listitem\">\n\t\t\t<div class=\"elementor-post__card\">\n\t\t\t\t<a class=\"elementor-post__thumbnail__link\" href=\"https:\/\/jpevlogistics.com\/en\/alerta-de-los-transportistas-el-desproporcionado-aumento-del-combustible-pone-en-riesgo-la-cadena-de-abastecimiento\/\" tabindex=\"-1\" ><div class=\"elementor-post__thumbnail\"><img loading=\"lazy\" decoding=\"async\" width=\"1600\" height=\"1200\" src=\"https:\/\/jpevlogistics.com\/wp-content\/uploads\/2026\/03\/camion-en-ruta-.webp\" class=\"attachment-full size-full wp-image-9719\" alt=\"\" srcset=\"https:\/\/jpevlogistics.com\/wp-content\/uploads\/2026\/03\/camion-en-ruta-.webp 1600w, https:\/\/jpevlogistics.com\/wp-content\/uploads\/2026\/03\/camion-en-ruta--300x225.webp 300w, https:\/\/jpevlogistics.com\/wp-content\/uploads\/2026\/03\/camion-en-ruta--1024x768.webp 1024w, https:\/\/jpevlogistics.com\/wp-content\/uploads\/2026\/03\/camion-en-ruta--768x576.webp 768w, https:\/\/jpevlogistics.com\/wp-content\/uploads\/2026\/03\/camion-en-ruta--1536x1152.webp 1536w, https:\/\/jpevlogistics.com\/wp-content\/uploads\/2026\/03\/camion-en-ruta--16x12.webp 16w\" sizes=\"(max-width: 1600px) 100vw, 1600px\" \/><\/div><\/a>\n\t\t\t\t<div class=\"elementor-post__text\">\n\t\t\t\t<h3 class=\"elementor-post__title\">\n\t\t\t<a href=\"https:\/\/jpevlogistics.com\/en\/alerta-de-los-transportistas-el-desproporcionado-aumento-del-combustible-pone-en-riesgo-la-cadena-de-abastecimiento\/\" >\n\t\t\t\tAlerta de los transportistas: el desproporcionado aumento del combustible pone en riesgo la cadena de abastecimiento\t\t\t<\/a>\n\t\t<\/h3>\n\t\t\t\t<\/div>\n\t\t\t\t<div class=\"elementor-post__meta-data\">\n\t\t\t\t\t<span class=\"elementor-post-date\">\n\t\t\t26 March 2026\t\t<\/span>\n\t\t\t\t<\/div>\n\t\t\t\t\t<\/div>\n\t\t<\/article>\n\t\t\t\t<article class=\"elementor-post elementor-grid-item post-9715 post type-post status-publish format-standard has-post-thumbnail hentry category-sin-categoria\" role=\"listitem\">\n\t\t\t<div class=\"elementor-post__card\">\n\t\t\t\t<a class=\"elementor-post__thumbnail__link\" href=\"https:\/\/jpevlogistics.com\/en\/guerra-en-medio-oriente-dispara-recargos-y-extiende-tiempos-de-transito-en-el-sector-portacontenedor\/\" tabindex=\"-1\" ><div class=\"elementor-post__thumbnail\"><img loading=\"lazy\" decoding=\"async\" width=\"798\" height=\"598\" src=\"https:\/\/jpevlogistics.com\/wp-content\/uploads\/2026\/03\/guerra-Iran-1.jpeg\" class=\"attachment-full size-full wp-image-9716\" alt=\"\" srcset=\"https:\/\/jpevlogistics.com\/wp-content\/uploads\/2026\/03\/guerra-Iran-1.jpeg 798w, https:\/\/jpevlogistics.com\/wp-content\/uploads\/2026\/03\/guerra-Iran-1-300x225.jpeg 300w, https:\/\/jpevlogistics.com\/wp-content\/uploads\/2026\/03\/guerra-Iran-1-768x576.jpeg 768w, https:\/\/jpevlogistics.com\/wp-content\/uploads\/2026\/03\/guerra-Iran-1-16x12.jpeg 16w\" sizes=\"(max-width: 798px) 100vw, 798px\" \/><\/div><\/a>\n\t\t\t\t<div class=\"elementor-post__text\">\n\t\t\t\t<h3 class=\"elementor-post__title\">\n\t\t\t<a href=\"https:\/\/jpevlogistics.com\/en\/guerra-en-medio-oriente-dispara-recargos-y-extiende-tiempos-de-transito-en-el-sector-portacontenedor\/\" >\n\t\t\t\tGuerra en Medio Oriente dispara recargos y extiende tiempos de tr\u00e1nsito en el sector portacontenedor\t\t\t<\/a>\n\t\t<\/h3>\n\t\t\t\t<\/div>\n\t\t\t\t<div class=\"elementor-post__meta-data\">\n\t\t\t\t\t<span class=\"elementor-post-date\">\n\t\t\t25 March 2026\t\t<\/span>\n\t\t\t\t<\/div>\n\t\t\t\t\t<\/div>\n\t\t<\/article>\n\t\t\t\t<article class=\"elementor-post elementor-grid-item post-9712 post type-post status-publish format-standard has-post-thumbnail hentry category-sin-categoria\" role=\"listitem\">\n\t\t\t<div class=\"elementor-post__card\">\n\t\t\t\t<a class=\"elementor-post__thumbnail__link\" href=\"https:\/\/jpevlogistics.com\/en\/iran-logra-poner-en-jaque-a-la-industria-maritima-y-al-mercado-energetico-tras-ataque-a-infraestructura-clave-en-catar\/\" tabindex=\"-1\" ><div class=\"elementor-post__thumbnail\"><img loading=\"lazy\" decoding=\"async\" width=\"798\" height=\"598\" src=\"https:\/\/jpevlogistics.com\/wp-content\/uploads\/2026\/03\/jaque-iran.jpeg\" class=\"attachment-full size-full wp-image-9713\" alt=\"\" srcset=\"https:\/\/jpevlogistics.com\/wp-content\/uploads\/2026\/03\/jaque-iran.jpeg 798w, https:\/\/jpevlogistics.com\/wp-content\/uploads\/2026\/03\/jaque-iran-300x225.jpeg 300w, https:\/\/jpevlogistics.com\/wp-content\/uploads\/2026\/03\/jaque-iran-768x576.jpeg 768w, https:\/\/jpevlogistics.com\/wp-content\/uploads\/2026\/03\/jaque-iran-16x12.jpeg 16w\" sizes=\"(max-width: 798px) 100vw, 798px\" \/><\/div><\/a>\n\t\t\t\t<div class=\"elementor-post__text\">\n\t\t\t\t<h3 class=\"elementor-post__title\">\n\t\t\t<a href=\"https:\/\/jpevlogistics.com\/en\/iran-logra-poner-en-jaque-a-la-industria-maritima-y-al-mercado-energetico-tras-ataque-a-infraestructura-clave-en-catar\/\" >\n\t\t\t\tIr\u00e1n logra poner en jaque a la industria mar\u00edtima y al mercado energ\u00e9tico tras ataque a infraestructura clave en Catar\t\t\t<\/a>\n\t\t<\/h3>\n\t\t\t\t<\/div>\n\t\t\t\t<div class=\"elementor-post__meta-data\">\n\t\t\t\t\t<span class=\"elementor-post-date\">\n\t\t\t20 March 2026\t\t<\/span>\n\t\t\t\t<\/div>\n\t\t\t\t\t<\/div>\n\t\t<\/article>\n\t\t\t\t<article class=\"elementor-post elementor-grid-item post-9709 post type-post status-publish format-standard has-post-thumbnail hentry category-sin-categoria\" role=\"listitem\">\n\t\t\t<div class=\"elementor-post__card\">\n\t\t\t\t<a class=\"elementor-post__thumbnail__link\" href=\"https:\/\/jpevlogistics.com\/en\/congestion-desvios-de-rutas-y-alzas-de-costos-en-las-cadenas-logisticas-es-el-saldo-de-la-guerra-en-medio-oriente\/\" tabindex=\"-1\" ><div class=\"elementor-post__thumbnail\"><img loading=\"lazy\" decoding=\"async\" width=\"798\" height=\"598\" src=\"https:\/\/jpevlogistics.com\/wp-content\/uploads\/2026\/03\/guerra.jpeg\" class=\"attachment-full size-full wp-image-9710\" alt=\"\" srcset=\"https:\/\/jpevlogistics.com\/wp-content\/uploads\/2026\/03\/guerra.jpeg 798w, https:\/\/jpevlogistics.com\/wp-content\/uploads\/2026\/03\/guerra-300x225.jpeg 300w, https:\/\/jpevlogistics.com\/wp-content\/uploads\/2026\/03\/guerra-768x576.jpeg 768w, https:\/\/jpevlogistics.com\/wp-content\/uploads\/2026\/03\/guerra-16x12.jpeg 16w\" sizes=\"(max-width: 798px) 100vw, 798px\" \/><\/div><\/a>\n\t\t\t\t<div class=\"elementor-post__text\">\n\t\t\t\t<h3 class=\"elementor-post__title\">\n\t\t\t<a href=\"https:\/\/jpevlogistics.com\/en\/congestion-desvios-de-rutas-y-alzas-de-costos-en-las-cadenas-logisticas-es-el-saldo-de-la-guerra-en-medio-oriente\/\" >\n\t\t\t\tCongesti\u00f3n, desv\u00edos de rutas y alzas de costos en las cadenas log\u00edsticas es el saldo de la guerra en Medio Oriente\t\t\t<\/a>\n\t\t<\/h3>\n\t\t\t\t<\/div>\n\t\t\t\t<div class=\"elementor-post__meta-data\">\n\t\t\t\t\t<span class=\"elementor-post-date\">\n\t\t\t18 March 2026\t\t<\/span>\n\t\t\t\t<\/div>\n\t\t\t\t\t<\/div>\n\t\t<\/article>\n\t\t\t\t<article class=\"elementor-post elementor-grid-item post-9702 post type-post status-publish format-standard has-post-thumbnail hentry category-sin-categoria\" role=\"listitem\">\n\t\t\t<div class=\"elementor-post__card\">\n\t\t\t\t<a class=\"elementor-post__thumbnail__link\" href=\"https:\/\/jpevlogistics.com\/en\/jpev-logistics-lanza-su-sistema-de-tracking-maritimo-online-24-7\/\" tabindex=\"-1\" ><div class=\"elementor-post__thumbnail\"><img loading=\"lazy\" decoding=\"async\" width=\"2470\" height=\"994\" src=\"https:\/\/jpevlogistics.com\/wp-content\/uploads\/2026\/03\/Captura-de-pantalla-2026-03-04-a-las-4.59.14-p.-m.png\" class=\"attachment-full size-full wp-image-9703\" alt=\"\" srcset=\"https:\/\/jpevlogistics.com\/wp-content\/uploads\/2026\/03\/Captura-de-pantalla-2026-03-04-a-las-4.59.14-p.-m.png 2470w, https:\/\/jpevlogistics.com\/wp-content\/uploads\/2026\/03\/Captura-de-pantalla-2026-03-04-a-las-4.59.14-p.-m-300x121.png 300w, https:\/\/jpevlogistics.com\/wp-content\/uploads\/2026\/03\/Captura-de-pantalla-2026-03-04-a-las-4.59.14-p.-m-1024x412.png 1024w, https:\/\/jpevlogistics.com\/wp-content\/uploads\/2026\/03\/Captura-de-pantalla-2026-03-04-a-las-4.59.14-p.-m-768x309.png 768w, https:\/\/jpevlogistics.com\/wp-content\/uploads\/2026\/03\/Captura-de-pantalla-2026-03-04-a-las-4.59.14-p.-m-1536x618.png 1536w, https:\/\/jpevlogistics.com\/wp-content\/uploads\/2026\/03\/Captura-de-pantalla-2026-03-04-a-las-4.59.14-p.-m-2048x824.png 2048w, https:\/\/jpevlogistics.com\/wp-content\/uploads\/2026\/03\/Captura-de-pantalla-2026-03-04-a-las-4.59.14-p.-m-18x7.png 18w\" sizes=\"(max-width: 2470px) 100vw, 2470px\" \/><\/div><\/a>\n\t\t\t\t<div class=\"elementor-post__text\">\n\t\t\t\t<h3 class=\"elementor-post__title\">\n\t\t\t<a href=\"https:\/\/jpevlogistics.com\/en\/jpev-logistics-lanza-su-sistema-de-tracking-maritimo-online-24-7\/\" >\n\t\t\t\tJPEV Logistics  lanza su sistema de Tracking Mar\u00edtimo Online 24\/7\t\t\t<\/a>\n\t\t<\/h3>\n\t\t\t\t<\/div>\n\t\t\t\t<div class=\"elementor-post__meta-data\">\n\t\t\t\t\t<span class=\"elementor-post-date\">\n\t\t\t4 March 2026\t\t<\/span>\n\t\t\t\t<\/div>\n\t\t\t\t\t<\/div>\n\t\t<\/article>\n\t\t\t\t<article class=\"elementor-post elementor-grid-item post-9699 post type-post status-publish format-standard has-post-thumbnail hentry category-sin-categoria\" role=\"listitem\">\n\t\t\t<div class=\"elementor-post__card\">\n\t\t\t\t<a class=\"elementor-post__thumbnail__link\" href=\"https:\/\/jpevlogistics.com\/en\/guerra-en-iran-profundiza-crisis-en-el-transporte-maritimo-de-contenedores-y-golpea-expectativas-para-2026\/\" tabindex=\"-1\" ><div class=\"elementor-post__thumbnail\"><img loading=\"lazy\" decoding=\"async\" width=\"798\" height=\"598\" src=\"https:\/\/jpevlogistics.com\/wp-content\/uploads\/2026\/03\/Guerra-iran.jpeg\" class=\"attachment-full size-full wp-image-9700\" alt=\"\" srcset=\"https:\/\/jpevlogistics.com\/wp-content\/uploads\/2026\/03\/Guerra-iran.jpeg 798w, https:\/\/jpevlogistics.com\/wp-content\/uploads\/2026\/03\/Guerra-iran-300x225.jpeg 300w, https:\/\/jpevlogistics.com\/wp-content\/uploads\/2026\/03\/Guerra-iran-768x576.jpeg 768w, https:\/\/jpevlogistics.com\/wp-content\/uploads\/2026\/03\/Guerra-iran-16x12.jpeg 16w\" sizes=\"(max-width: 798px) 100vw, 798px\" \/><\/div><\/a>\n\t\t\t\t<div class=\"elementor-post__text\">\n\t\t\t\t<h3 class=\"elementor-post__title\">\n\t\t\t<a href=\"https:\/\/jpevlogistics.com\/en\/guerra-en-iran-profundiza-crisis-en-el-transporte-maritimo-de-contenedores-y-golpea-expectativas-para-2026\/\" >\n\t\t\t\tGuerra en Ir\u00e1n profundiza crisis en el transporte mar\u00edtimo de contenedores y golpea expectativas para 2026\t\t\t<\/a>\n\t\t<\/h3>\n\t\t\t\t<\/div>\n\t\t\t\t<div class=\"elementor-post__meta-data\">\n\t\t\t\t\t<span class=\"elementor-post-date\">\n\t\t\t4 March 2026\t\t<\/span>\n\t\t\t\t<\/div>\n\t\t\t\t\t<\/div>\n\t\t<\/article>\n\t\t\t\t<\/div>\n\t\t\n\t\t\t\t<div class=\"e-load-more-anchor\" data-page=\"1\" data-max-page=\"15\" data-next-page=\"https:\/\/jpevlogistics.com\/en\/wp-json\/wp\/v2\/pages\/1307\/page\/2\/\"><\/div>\n\t\t\t\t<nav class=\"elementor-pagination\" aria-label=\"Pagination\">\n\t\t\t<span aria-current=\"page\" class=\"page-numbers current\"><span class=\"elementor-screen-only\">Page<\/span>1<\/span>\n<a class=\"page-numbers\" href=\"https:\/\/jpevlogistics.com\/en\/wp-json\/wp\/v2\/pages\/1307\/page\/2\/\"><span class=\"elementor-screen-only\">Page<\/span>2<\/a>\n<a class=\"page-numbers\" href=\"https:\/\/jpevlogistics.com\/en\/wp-json\/wp\/v2\/pages\/1307\/page\/3\/\"><span class=\"elementor-screen-only\">Page<\/span>3<\/a>\n<a class=\"page-numbers\" href=\"https:\/\/jpevlogistics.com\/en\/wp-json\/wp\/v2\/pages\/1307\/page\/4\/\"><span class=\"elementor-screen-only\">Page<\/span>4<\/a>\n<a class=\"page-numbers\" href=\"https:\/\/jpevlogistics.com\/en\/wp-json\/wp\/v2\/pages\/1307\/page\/5\/\"><span class=\"elementor-screen-only\">Page<\/span>5<\/a>\n<a class=\"page-numbers\" href=\"https:\/\/jpevlogistics.com\/en\/wp-json\/wp\/v2\/pages\/1307\/page\/6\/\"><span class=\"elementor-screen-only\">Page<\/span>6<\/a>\n<a class=\"page-numbers\" href=\"https:\/\/jpevlogistics.com\/en\/wp-json\/wp\/v2\/pages\/1307\/page\/7\/\"><span class=\"elementor-screen-only\">Page<\/span>7<\/a>\n<a class=\"page-numbers\" href=\"https:\/\/jpevlogistics.com\/en\/wp-json\/wp\/v2\/pages\/1307\/page\/8\/\"><span class=\"elementor-screen-only\">Page<\/span>8<\/a>\n<a class=\"page-numbers\" href=\"https:\/\/jpevlogistics.com\/en\/wp-json\/wp\/v2\/pages\/1307\/page\/9\/\"><span class=\"elementor-screen-only\">Page<\/span>9<\/a>\n<a class=\"page-numbers\" href=\"https:\/\/jpevlogistics.com\/en\/wp-json\/wp\/v2\/pages\/1307\/page\/10\/\"><span class=\"elementor-screen-only\">Page<\/span>10<\/a>\n<a class=\"page-numbers\" href=\"https:\/\/jpevlogistics.com\/en\/wp-json\/wp\/v2\/pages\/1307\/page\/11\/\"><span class=\"elementor-screen-only\">Page<\/span>11<\/a>\n<a class=\"page-numbers\" href=\"https:\/\/jpevlogistics.com\/en\/wp-json\/wp\/v2\/pages\/1307\/page\/12\/\"><span class=\"elementor-screen-only\">Page<\/span>12<\/a>\n<a class=\"page-numbers\" href=\"https:\/\/jpevlogistics.com\/en\/wp-json\/wp\/v2\/pages\/1307\/page\/13\/\"><span class=\"elementor-screen-only\">Page<\/span>13<\/a>\n<a class=\"page-numbers\" href=\"https:\/\/jpevlogistics.com\/en\/wp-json\/wp\/v2\/pages\/1307\/page\/14\/\"><span class=\"elementor-screen-only\">Page<\/span>14<\/a>\n<a class=\"page-numbers\" href=\"https:\/\/jpevlogistics.com\/en\/wp-json\/wp\/v2\/pages\/1307\/page\/15\/\"><span class=\"elementor-screen-only\">Page<\/span>15<\/a>\t\t<\/nav>\n\t\t\t\t\t\t<\/div>\n\t\t\t\t<\/div>\n\t\t\t\t\t<\/div>\n\t\t<\/div>\n\t\t\t\t\t<\/div>\n\t\t<\/section>\n\t\t\t\t<\/div>","protected":false},"excerpt":{"rendered":"<p>NEWS<\/p>","protected":false},"author":3,"featured_media":0,"parent":0,"menu_order":0,"comment_status":"closed","ping_status":"closed","template":"","meta":{"footnotes":""},"class_list":["post-1307","page","type-page","status-publish","hentry"],"yoast_head":"<!-- This site is optimized with the Yoast SEO plugin v27.4 - https:\/\/yoast.com\/product\/yoast-seo-wordpress\/ -->\n<title>Novedades - JPEV Logistics<\/title>\n<meta name=\"robots\" content=\"index, follow, max-snippet:-1, max-image-preview:large, max-video-preview:-1\" \/>\n<link rel=\"canonical\" href=\"https:\/\/jpevlogistics.com\/en\/novedades\/\" \/>\n<meta property=\"og:locale\" content=\"en_US\" \/>\n<meta property=\"og:type\" content=\"article\" \/>\n<meta property=\"og:title\" content=\"Novedades - JPEV Logistics\" \/>\n<meta property=\"og:description\" content=\"NOVEDADES\" \/>\n<meta property=\"og:url\" content=\"https:\/\/jpevlogistics.com\/en\/novedades\/\" \/>\n<meta property=\"og:site_name\" content=\"JPEV Logistics\" \/>\n<meta property=\"article:modified_time\" content=\"2025-07-15T18:10:14+00:00\" \/>\n<meta name=\"twitter:card\" content=\"summary_large_image\" \/>\n<meta name=\"twitter:label1\" content=\"Est. reading time\" \/>\n\t<meta name=\"twitter:data1\" content=\"5 minutes\" \/>\n<script type=\"application\/ld+json\" class=\"yoast-schema-graph\">{\"@context\":\"https:\\\/\\\/schema.org\",\"@graph\":[{\"@type\":\"WebPage\",\"@id\":\"https:\\\/\\\/jpevlogistics.com\\\/novedades\\\/\",\"url\":\"https:\\\/\\\/jpevlogistics.com\\\/novedades\\\/\",\"name\":\"Novedades - JPEV Logistics\",\"isPartOf\":{\"@id\":\"https:\\\/\\\/jpevlogistics.com\\\/#website\"},\"datePublished\":\"2021-04-20T15:40:58+00:00\",\"dateModified\":\"2025-07-15T18:10:14+00:00\",\"breadcrumb\":{\"@id\":\"https:\\\/\\\/jpevlogistics.com\\\/novedades\\\/#breadcrumb\"},\"inLanguage\":\"en-US\",\"potentialAction\":[{\"@type\":\"ReadAction\",\"target\":[\"https:\\\/\\\/jpevlogistics.com\\\/novedades\\\/\"]}]},{\"@type\":\"BreadcrumbList\",\"@id\":\"https:\\\/\\\/jpevlogistics.com\\\/novedades\\\/#breadcrumb\",\"itemListElement\":[{\"@type\":\"ListItem\",\"position\":1,\"name\":\"Portada\",\"item\":\"https:\\\/\\\/jpevlogistics.com\\\/\"},{\"@type\":\"ListItem\",\"position\":2,\"name\":\"Novedades\"}]},{\"@type\":\"WebSite\",\"@id\":\"https:\\\/\\\/jpevlogistics.com\\\/#website\",\"url\":\"https:\\\/\\\/jpevlogistics.com\\\/\",\"name\":\"JPEV Logistics\",\"description\":\"\",\"publisher\":{\"@id\":\"https:\\\/\\\/jpevlogistics.com\\\/#organization\"},\"potentialAction\":[{\"@type\":\"SearchAction\",\"target\":{\"@type\":\"EntryPoint\",\"urlTemplate\":\"https:\\\/\\\/jpevlogistics.com\\\/?s={search_term_string}\"},\"query-input\":{\"@type\":\"PropertyValueSpecification\",\"valueRequired\":true,\"valueName\":\"search_term_string\"}}],\"inLanguage\":\"en-US\"},{\"@type\":\"Organization\",\"@id\":\"https:\\\/\\\/jpevlogistics.com\\\/#organization\",\"name\":\"JPEV Logistics\",\"url\":\"https:\\\/\\\/jpevlogistics.com\\\/\",\"logo\":{\"@type\":\"ImageObject\",\"inLanguage\":\"en-US\",\"@id\":\"https:\\\/\\\/jpevlogistics.com\\\/#\\\/schema\\\/logo\\\/image\\\/\",\"url\":\"https:\\\/\\\/jpevlogistics.com\\\/wp-content\\\/uploads\\\/2020\\\/07\\\/logo.png\",\"contentUrl\":\"https:\\\/\\\/jpevlogistics.com\\\/wp-content\\\/uploads\\\/2020\\\/07\\\/logo.png\",\"width\":214,\"height\":81,\"caption\":\"JPEV Logistics\"},\"image\":{\"@id\":\"https:\\\/\\\/jpevlogistics.com\\\/#\\\/schema\\\/logo\\\/image\\\/\"},\"sameAs\":[\"https:\\\/\\\/www.instagram.com\\\/jpevlogistics\\\/\",\"https:\\\/\\\/www.linkedin.com\\\/company\\\/jpev-logistics\\\/\"]}]}<\/script>\n<!-- \/ Yoast SEO plugin. -->","yoast_head_json":{"title":"Novedades - JPEV Logistics","robots":{"index":"index","follow":"follow","max-snippet":"max-snippet:-1","max-image-preview":"max-image-preview:large","max-video-preview":"max-video-preview:-1"},"canonical":"https:\/\/jpevlogistics.com\/en\/novedades\/","og_locale":"en_US","og_type":"article","og_title":"Novedades - JPEV Logistics","og_description":"NOVEDADES","og_url":"https:\/\/jpevlogistics.com\/en\/novedades\/","og_site_name":"JPEV Logistics","article_modified_time":"2025-07-15T18:10:14+00:00","twitter_card":"summary_large_image","twitter_misc":{"Est. reading time":"5 minutes"},"schema":{"@context":"https:\/\/schema.org","@graph":[{"@type":"WebPage","@id":"https:\/\/jpevlogistics.com\/novedades\/","url":"https:\/\/jpevlogistics.com\/novedades\/","name":"Novedades - JPEV Logistics","isPartOf":{"@id":"https:\/\/jpevlogistics.com\/#website"},"datePublished":"2021-04-20T15:40:58+00:00","dateModified":"2025-07-15T18:10:14+00:00","breadcrumb":{"@id":"https:\/\/jpevlogistics.com\/novedades\/#breadcrumb"},"inLanguage":"en-US","potentialAction":[{"@type":"ReadAction","target":["https:\/\/jpevlogistics.com\/novedades\/"]}]},{"@type":"BreadcrumbList","@id":"https:\/\/jpevlogistics.com\/novedades\/#breadcrumb","itemListElement":[{"@type":"ListItem","position":1,"name":"Portada","item":"https:\/\/jpevlogistics.com\/"},{"@type":"ListItem","position":2,"name":"Novedades"}]},{"@type":"WebSite","@id":"https:\/\/jpevlogistics.com\/#website","url":"https:\/\/jpevlogistics.com\/","name":"JPEV Logistics","description":"","publisher":{"@id":"https:\/\/jpevlogistics.com\/#organization"},"potentialAction":[{"@type":"SearchAction","target":{"@type":"EntryPoint","urlTemplate":"https:\/\/jpevlogistics.com\/?s={search_term_string}"},"query-input":{"@type":"PropertyValueSpecification","valueRequired":true,"valueName":"search_term_string"}}],"inLanguage":"en-US"},{"@type":"Organization","@id":"https:\/\/jpevlogistics.com\/#organization","name":"JPEV Logistics","url":"https:\/\/jpevlogistics.com\/","logo":{"@type":"ImageObject","inLanguage":"en-US","@id":"https:\/\/jpevlogistics.com\/#\/schema\/logo\/image\/","url":"https:\/\/jpevlogistics.com\/wp-content\/uploads\/2020\/07\/logo.png","contentUrl":"https:\/\/jpevlogistics.com\/wp-content\/uploads\/2020\/07\/logo.png","width":214,"height":81,"caption":"JPEV Logistics"},"image":{"@id":"https:\/\/jpevlogistics.com\/#\/schema\/logo\/image\/"},"sameAs":["https:\/\/www.instagram.com\/jpevlogistics\/","https:\/\/www.linkedin.com\/company\/jpev-logistics\/"]}]}},"_links":{"self":[{"href":"https:\/\/jpevlogistics.com\/en\/wp-json\/wp\/v2\/pages\/1307","targetHints":{"allow":["GET"]}}],"collection":[{"href":"https:\/\/jpevlogistics.com\/en\/wp-json\/wp\/v2\/pages"}],"about":[{"href":"https:\/\/jpevlogistics.com\/en\/wp-json\/wp\/v2\/types\/page"}],"author":[{"embeddable":true,"href":"https:\/\/jpevlogistics.com\/en\/wp-json\/wp\/v2\/users\/3"}],"replies":[{"embeddable":true,"href":"https:\/\/jpevlogistics.com\/en\/wp-json\/wp\/v2\/comments?post=1307"}],"version-history":[{"count":42,"href":"https:\/\/jpevlogistics.com\/en\/wp-json\/wp\/v2\/pages\/1307\/revisions"}],"predecessor-version":[{"id":9135,"href":"https:\/\/jpevlogistics.com\/en\/wp-json\/wp\/v2\/pages\/1307\/revisions\/9135"}],"wp:attachment":[{"href":"https:\/\/jpevlogistics.com\/en\/wp-json\/wp\/v2\/media?parent=1307"}],"curies":[{"name":"wp","href":"https:\/\/api.w.org\/{rel}","templated":true}]}}